{"version":"1.0","provider_name":"Aviron Dijonnais","provider_url":"http:\/\/avirondijonnais.com","author_name":"Olivier","author_url":"http:\/\/avirondijonnais.com\/index.php\/author\/admin9698\/","title":"Bilan m\u00e9t\u00e9o de l'ann\u00e9e 2023 au lac Kir - Aviron Dijonnais","type":"rich","width":600,"height":338,"html":"<blockquote class=\"wp-embedded-content\" data-secret=\"Y0WAETZU47\"><a href=\"http:\/\/avirondijonnais.com\/index.php\/2024\/02\/17\/bilan-meteo-de-lannee-2023-au-lac-kir\/\">Bilan m\u00e9t\u00e9o de l&rsquo;ann\u00e9e 2023 au lac Kir<\/a><\/blockquote><iframe sandbox=\"allow-scripts\" security=\"restricted\" src=\"http:\/\/avirondijonnais.com\/index.php\/2024\/02\/17\/bilan-meteo-de-lannee-2023-au-lac-kir\/embed\/#?secret=Y0WAETZU47\" width=\"600\" height=\"338\" title=\"\u00ab\u00a0Bilan m\u00e9t\u00e9o de l&rsquo;ann\u00e9e 2023 au lac Kir\u00a0\u00bb &#8212; Aviron Dijonnais\" data-secret=\"Y0WAETZU47\" frameborder=\"0\" marginwidth=\"0\" marginheight=\"0\" scrolling=\"no\" class=\"wp-embedded-content\"><\/iframe><script>\n\/*! This file is auto-generated *\/\n!function(d,l){\"use strict\";l.querySelector&&d.addEventListener&&\"undefined\"!=typeof URL&&(d.wp=d.wp||{},d.wp.receiveEmbedMessage||(d.wp.receiveEmbedMessage=function(e){var t=e.data;if((t||t.secret||t.message||t.value)&&!\/[^a-zA-Z0-9]\/.test(t.secret)){for(var s,r,n,a=l.querySelectorAll('iframe[data-secret=\"'+t.secret+'\"]'),o=l.querySelectorAll('blockquote[data-secret=\"'+t.secret+'\"]'),c=new RegExp(\"^https?:$\",\"i\"),i=0;i<o.length;i++)o[i].style.display=\"none\";for(i=0;i<a.length;i++)s=a[i],e.source===s.contentWindow&&(s.removeAttribute(\"style\"),\"height\"===t.message?(1e3<(r=parseInt(t.value,10))?r=1e3:~~r<200&&(r=200),s.height=r):\"link\"===t.message&&(r=new URL(s.getAttribute(\"src\")),n=new URL(t.value),c.test(n.protocol))&&n.host===r.host&&l.activeElement===s&&(d.top.location.href=t.value))}},d.addEventListener(\"message\",d.wp.receiveEmbedMessage,!1),l.addEventListener(\"DOMContentLoaded\",function(){for(var e,t,s=l.querySelectorAll(\"iframe.wp-embedded-content\"),r=0;r<s.length;r++)(t=(e=s[r]).getAttribute(\"data-secret\"))||(t=Math.random().toString(36).substring(2,12),e.src+=\"#?secret=\"+t,e.setAttribute(\"data-secret\",t)),e.contentWindow.postMessage({message:\"ready\",secret:t},\"*\")},!1)))}(window,document);\n\/\/# sourceURL=http:\/\/avirondijonnais.com\/wp-includes\/js\/wp-embed.min.js\n<\/script>\n","thumbnail_url":"https:\/\/avirondijonnais.com\/wp-content\/uploads\/2024\/02\/weather.jpg","thumbnail_width":1080,"thumbnail_height":720,"description":"[vc_row][vc_column][vc_separator color=\u00a0\u00bbwhite\u00a0\u00bb border_width=\u00a0\u00bb6&Prime; el_width=\u00a0\u00bb70&Prime;][vc_separator style=\u00a0\u00bbshadow\u00a0\u00bb border_width=\u00a0\u00bb7&Prime; el_width=\u00a0\u00bb70&Prime;][\/vc_column][\/vc_row][vc_row][vc_column][vc_column_text]Petit retour sur l&rsquo;ann\u00e9e 2023 qui vient de s&rsquo;\u00e9couler d&rsquo;un point de vue m\u00e9t\u00e9o et des conditions pour ramer (bilan r\u00e9alis\u00e9 \u00e0 partir des donn\u00e9es de la station m\u00e9t\u00e9o du lac Kir du r\u00e9seau MUSTARDijon). Vous pouvez \u00e9galement consulter les conditions m\u00e9t\u00e9o actuelles de la station ainsi que les&hellip;"}